{"id":291235,"date":"2021-04-22T07:33:33","date_gmt":"2021-04-22T07:33:33","guid":{"rendered":"https:\/\/globecore.dev\/products\/zeolite-regeneration-and-drying\/zeolite-drying-cabinet-ssc\/"},"modified":"2025-08-21T09:04:13","modified_gmt":"2025-08-21T09:04:13","slug":"zeolite-drying-cabinet-ssc","status":"publish","type":"page","link":"https:\/\/globecore.dev\/pt-pt\/products\/zeolite-regeneration-and-drying\/zeolite-drying-cabinet-ssc\/","title":{"rendered":"SSC-15 Arm\u00e1rio de Secagem de Ze\u00f3lito"},"content":{"rendered":"","protected":false},"excerpt":{"rendered":"","protected":false},"author":7,"featured_media":29042,"parent":112906,"menu_order":0,"comment_status":"closed","ping_status":"closed","template":"templates\/single-product.php","meta":{"_acf_changed":false,"_bbp_topic_count":0,"_bbp_reply_count":0,"_bbp_total_topic_count":0,"_bbp_total_reply_count":0,"_bbp_voice_count":0,"_bbp_anonymous_reply_count":0,"_bbp_topic_count_hidden":0,"_bbp_reply_count_hidden":0,"_bbp_forum_subforum_count":0,"footnotes":""},"categories":[1341],"class_list":["post-291235","page","type-page","status-publish","has-post-thumbnail","hentry","category-oil-maintenance-pt-pt","oil_type-sorbente","process_type-desidratacao"],"acf":{"add_tab":[{"tab_title":"Descri\u00e7\u00e3o","tab_content":"<p style=\"text-align: justify;\">O arm\u00e1rio SSC-15 \u00e9 projetado para utilit\u00e1rios de energia el\u00e9trica e plantas de processamento de g\u00e1s. Este dispositivo \u00e9 projetado para a secagem preliminar da ze\u00f3lita, usada para desidrata\u00e7\u00e3o profunda de \u00f3leos combust\u00edveis e g\u00e1s natural.<\/p>\r\n<p style=\"text-align: justify;\">A ze\u00f3lita \u00e9 um aluminosilicato microporoso \u2013 que se diferencia de outros adsorventes porque pode adsorver mol\u00e9culas de forma seletiva. Por isso, tamb\u00e9m \u00e9 chamada de \"peneira molecular\". O cristal de ze\u00f3lita \u00e9 coberto por canais e cavidades em 50%. Devido a isso, ela tem uma alta capacidade de adsor\u00e7\u00e3o. A ze\u00f3lita \u00e9 um secador muito eficaz, superior aos g\u00e9is de s\u00edlica e ao \u00f3xido de alum\u00ednio ativo.<\/p>\r\n<p style=\"text-align: justify;\">Uma das caracter\u00edsticas mais importantes da ze\u00f3lita \u00e9 sua capacidade de desumidificar l\u00edquidos com baixo teor de umidade. A ze\u00f3lita tem uma resist\u00eancia t\u00e9rmica superior em compara\u00e7\u00e3o com outros sorventes.<\/p>\r\n<p style=\"text-align: justify;\">Na ind\u00fastria el\u00e9trica, a ze\u00f3lita \u00e9 usada para desidrata\u00e7\u00e3o de \u00f3leos. \u00c9 recomendada para filtros de secagem de ar e geradores resfriados a hidrog\u00eanio na ind\u00fastria de g\u00e1s. Em muitos casos, a possibilidade de substituir os sorventes comuns pela ze\u00f3lita permite evitar a etapa de resfriamento do g\u00e1s desidratado e, consequentemente, reduzir o consumo de energia e simplificar o processo.<\/p>\r\n<p style=\"text-align: justify;\">A ze\u00f3lita \u00e9 caracterizada por uma alta velocidade de absor\u00e7\u00e3o de umidade. Uma alta desidrata\u00e7\u00e3o \u00e9 mantida praticamente durante todo o processo. O teor de umidade no final aumenta n\u00e3o gradualmente, mas de forma repentina e r\u00e1pida. Assim, \u00e9 poss\u00edvel usar a capacidade de adsor\u00e7\u00e3o da ze\u00f3lita ao m\u00e1ximo.<\/p>\r\n<p style=\"text-align: justify;\">A desidrata\u00e7\u00e3o preliminar da ze\u00f3lita \u00e9 realizada com a ajuda do arm\u00e1rio de secagem de Ze\u00f3lita-15. Esta desidrata\u00e7\u00e3o ajuda a melhorar as caracter\u00edsticas adsorventes da ze\u00f3lita. Al\u00e9m disso, este arm\u00e1rio pode ser usado para secar eletrodos tamb\u00e9m.<\/p>\r\n<p style=\"text-align: justify;\">O arm\u00e1rio de secagem de ze\u00f3lita 15 \u00e9 projetado para ser usado em:<\/p>\r\n\r\n<ul style=\"text-align: justify;\">\r\n \t<li>temperatura externa de 0 a 35\u00baC;<\/li>\r\n \t<li>press\u00e3o atmosf\u00e9rica de 630 a 800 mm de merc\u00fario (Torr).<\/li>\r\n<\/ul>\r\n<p style=\"text-align: justify;\">A estrutura do arm\u00e1rio \u00e9 feita de a\u00e7o laminado. O arm\u00e1rio possui uma c\u00e2mara de secagem. Duas unidades de aquecimento est\u00e3o instaladas de cada lado dessa c\u00e2mara de secagem. No painel traseiro h\u00e1 um ventilador, projetado para o fluxo de ar na c\u00e2mara atrav\u00e9s dos buracos localizados nos pain\u00e9is laterais. Para reduzir as perdas de calor, a estrutura \u00e9 isolada termicamente.<\/p>\r\n<p style=\"text-align: justify;\">O processo de secagem da ze\u00f3lita \u00e9 controlado por uma unidade modular embalada, que \u00e9 colocada na parede pr\u00f3xima \u00e0 caixa de secagem.<\/p>"}],"add_def_tab":[{"tab_title":"Especifica\u00e7\u00e3o","tab_content":"<table>\n<tbody>\n<tr>\n<td><strong>\u2116<\/strong><\/td>\n<td>\n<p style=\"text-align: center;\"><strong>Par\u00e2metro<\/strong><\/p>\n<\/td>\n<td>\n<p style=\"text-align: center;\"><strong>Valor<\/strong><\/p>\n<\/td>\n<\/tr>\n<tr>\n<td>1<\/td>\n<td style=\"text-align: left;\">Ze\u00f3lita, dm3<\/td>\n<td>\n<p style=\"text-align: center;\">130<\/p>\n<\/td>\n<\/tr>\n<tr>\n<td>2<\/td>\n<td style=\"text-align: left;\">Gavetas dentro do arm\u00e1rio<\/td>\n<td>\n<p style=\"text-align: center;\">12<\/p>\n<\/td>\n<\/tr>\n<tr>\n<td>3<\/td>\n<td style=\"text-align: left;\">Pot\u00eancia de aquecimento, kW (quilowatt)<\/td>\n<td>\n<p style=\"text-align: center;\">14,4<\/p>\n<\/td>\n<\/tr>\n<tr>\n<td>4<\/td>\n<td style=\"text-align: left;\">Faixa de controle de temperatura, \u00b0C<\/td>\n<td style=\"text-align: center;\">At\u00e9 250<\/td>\n<\/tr>\n<tr>\n<td>5<\/td>\n<td style=\"text-align: left;\">Pot\u00eancia do ventilador, kW (quilowatt)<\/td>\n<td>\n<p style=\"text-align: center;\">0,18<\/p>\n<\/td>\n<\/tr>\n<tr>\n<td>6<\/td>\n<td style=\"text-align: left;\">Tens\u00e3o na frequ\u00eancia de corrente 50 Hz, V<\/td>\n<td>\n<p style=\"text-align: center;\">380<\/p>\n<\/td>\n<\/tr>\n<tr>\n<td>7<\/td>\n<td style=\"text-align: left;\">Peso (sem ze\u00f3lita), kg, no m\u00e1ximo<\/td>\n<td>\n<p style=\"text-align: center;\">370<\/p>\n<\/td>\n<\/tr>\n<tr>\n<td rowspan=\"4\">8<\/td>\n<td style=\"text-align: left;\">Especifica\u00e7\u00f5es gerais (m\u00e9tricas)<\/td>\n<td><\/td>\n<\/tr>\n<tr>\n<td style=\"text-align: left;\">\u2013 comprimento total<\/td>\n<td>\n<p style=\"text-align: center;\">1500<\/p>\n<\/td>\n<\/tr>\n<tr>\n<td style=\"text-align: left;\">\u2013 largura total (porta fechada)<\/td>\n<td>\n<p style=\"text-align: center;\">1000<\/p>\n<\/td>\n<\/tr>\n<tr>\n<td style=\"text-align: left;\">\u2013 altura total<\/td>\n<td>\n<p style=\"text-align: center;\">1100<\/p>\n<\/td>\n<\/tr>\n<\/tbody>\n<\/table>\n"},{"tab_title":"Vantagens","tab_content":"<ul>\n<li style=\"text-align: justify;\">temperatura de aquecimento aumentada para 400\u00baC;<\/li>\n<li style=\"text-align: justify;\">controle autom\u00e1tico de temperatura \u00b1 9 \u00baC;<\/li>\n<li style=\"text-align: justify;\">fechadura de parafuso na porta dispon\u00edvel para melhorar a hermetiza\u00e7\u00e3o;<\/li>\n<li style=\"text-align: justify;\">O design conveniente permite remover as bandejas, possibilitando o uso do gabinete para outras tarefas: aquecimento, endurecimento e assamento.<\/li>\n<\/ul>\n<p style=\"text-align: justify;\">De acordo com as necessidades e requisitos do cliente, o secador pode ser equipado com:<\/p>\n<ul>\n<li style=\"text-align: justify;\">Elementos de aquecimento at\u00e9 800\u00baC, permitindo expandir o alcance de aplica\u00e7\u00e3o da c\u00e2mara;<\/li>\n<li style=\"text-align: justify;\">controle autom\u00e1tico da porta, evitando que a porta do secador se abra at\u00e9 que esfrie. Protegendo os funcion\u00e1rios contra queimaduras.<\/li>\n<\/ul>\n"},{"tab_title":"Aplica\u00e7\u00e3o","tab_content":"[product_oil_types]"},{"tab_title":"Webinar","tab_content":"<div class=\"responsive-embed widescreen\">\n<div class=\"responsive-embed widescreen\">\n<div class=\"responsive-embed widescreen\">\n<div class=\"responsive-embed widescreen\">\n<div class=\"responsive-embed widescreen\">\n<div class=\"responsive-embed widescreen\">\n<div class=\"responsive-embed widescreen\">\n<div class=\"responsive-embed widescreen\">\n<div class=\"responsive-embed widescreen\"><iframe loading=\"lazy\" title=\"Manuten\u00e7\u00e3o dos transformadores de pot\u00eancia\" width=\"500\" height=\"281\" src=\"https:\/\/www.youtube.com\/embed\/RblXgV_sUy0?feature=oembed\" frameborder=\"0\" allow=\"accelerometer; autoplay; clipboard-write; encrypted-media; gyroscope; picture-in-picture; web-share\" referrerpolicy=\"strict-origin-when-cross-origin\" allowfullscreen><\/iframe><\/div>\n<\/div>\n<\/div>\n<\/div>\n<\/div>\n<\/div>\n<\/div>\n<\/div>\n<\/div>\n"}],"add_video_tab":[{"video_tab_title":"Video","add_video_id":[{"video_id":"xz6H3BNwqPE"},{"video_id":"wSsoVlh8Zk"},{"video_id":"nchiMbOL1tk"}]}],"add_gallery_tab":[{"gallery_tab_title":"Foto","add_img":[26282,26273]}],"add_price_tab":[{"price_tab_title":"Get a quote"}]},"language":"pt-pt","_links":{"self":[{"href":"https:\/\/globecore.dev\/pt-pt\/wp-json\/wp\/v2\/pages\/291235","targetHints":{"allow":["GET"]}}],"collection":[{"href":"https:\/\/globecore.dev\/pt-pt\/wp-json\/wp\/v2\/pages"}],"about":[{"href":"https:\/\/globecore.dev\/pt-pt\/wp-json\/wp\/v2\/types\/page"}],"author":[{"embeddable":true,"href":"https:\/\/globecore.dev\/pt-pt\/wp-json\/wp\/v2\/users\/7"}],"replies":[{"embeddable":true,"href":"https:\/\/globecore.dev\/pt-pt\/wp-json\/wp\/v2\/comments?post=291235"}],"version-history":[{"count":0,"href":"https:\/\/globecore.dev\/pt-pt\/wp-json\/wp\/v2\/pages\/291235\/revisions"}],"up":[{"embeddable":true,"href":"https:\/\/globecore.dev\/pt-pt\/wp-json\/wp\/v2\/pages\/112906"}],"wp:featuredmedia":[{"embeddable":true,"href":"https:\/\/globecore.dev\/pt-pt\/wp-json\/wp\/v2\/media\/29042"}],"wp:attachment":[{"href":"https:\/\/globecore.dev\/pt-pt\/wp-json\/wp\/v2\/media?parent=291235"}],"wp:term":[{"taxonomy":"category","embeddable":true,"href":"https:\/\/globecore.dev\/pt-pt\/wp-json\/wp\/v2\/categories?post=291235"}],"curies":[{"name":"wp","href":"https:\/\/api.w.org\/{rel}","templated":true}]}}